{"id":472,"date":"2019-09-11T19:10:43","date_gmt":"2019-09-11T17:10:43","guid":{"rendered":"https:\/\/ge-dellbrueck.de\/\/?page_id=472"},"modified":"2024-03-06T12:56:51","modified_gmt":"2024-03-06T11:56:51","slug":"faecher","status":"publish","type":"page","link":"https:\/\/ge-dellbrueck.de\/start\/faecher\/","title":{"rendered":"F\u00e4cher"},"content":{"rendered":"\n<p>Die Inhalte der F\u00e4cher richten sich immer nach den aktuellen &#8222;Kernlehrpl\u00e4nen des Landes NRW&#8220;, die regelm\u00e4\u00dfig aktualisiert werden. Im Rahmen dieser Vorgabe entwickelt jede Schule eigene, sogenannte &#8222;Schulinterne Lehrpl\u00e4ne&#8220;, in denen die einzelnen Fachkonferenzen bestimmte Schwerpunkte setzen und diese in Unterrichtsreihen und Unterrichtsvorhaben verarbeiten. <\/p>\n\n\n\n<p>Dabei orientieren sich die Kernlehrpl\u00e4ne stark an &#8222;Kompetenzen&#8220;, die die Sch\u00fclerinnen und Sch\u00fcler erwerben sollen.<\/p>\n\n\n\n<p>Im Folgenden ein Auszug aus der Einf\u00fchrung:<\/p>\n\n\n\n<p><em>Kernlehrpl\u00e4ne sind ein wesentliches Element eines zeitgem\u00e4\u00dfen umfassenden Gesamtkonzepts f\u00fcr die Entwicklung und Sicherung der Qualit\u00e4t schulischer Arbeit.<\/em><\/p>\n\n\n\n<ul class=\"wp-block-list\"><li><em>Im Einzelnen zeigen Kernlehrpl\u00e4ne auf, welche&nbsp;<\/em><strong><em>allgemeinen Bildungsziele<\/em><\/strong><em>&nbsp;mit dem jeweiligen Fach verfolgt werden und welchen Stellenwert das jeweilige Fach im Gesamtzusammenhang schulischer Grundbildung hat. Diese allgemeinen Bildungsziele stecken den Rahmen ab f\u00fcr die folgende Konkretisierung von fachbezogenen Kompetenzen.<\/em><\/li><li><em>Kernlehrpl\u00e4ne definieren verbindlich&nbsp;<\/em><strong><em>Anforderungen<\/em><\/strong><em>&nbsp;am Ende der Sekundarstufe I. Diese sind nicht nur fachlich relevant, sondern zugleich auch in besonderem Ma\u00dfe bedeutsam f\u00fcr den weiteren Bildungsweg der Sch\u00fclerinnen und Sch\u00fcler sowie f\u00fcr die Bew\u00e4ltigung ihres pers\u00f6nlichen und sp\u00e4teren beruflichen Alltags.<\/em><\/li><li><em>Kernlehrpl\u00e4ne legen fachliche Anforderungen in Form von&nbsp;<\/em><strong><em>Kompetenzerwartungen<\/em><\/strong><em>&nbsp;und verbindlichen Inhalten f\u00fcr das Ende der Klassen 6, 8 und 9 (G8) bzw. 10 (HS, RS und GE) fest und markieren somit Stationen auf dem Weg zu den abschlussbezogenen Standards.<\/em><\/li><li><em>Kernlehrpl\u00e4ne formulieren Kriterien als Grundlage f\u00fcr die&nbsp;<\/em><strong><em>Leistungsbewertung<\/em><\/strong><em>.<\/em><\/li><\/ul>\n\n\n\n<p>Hier stellen wir Ihnen die Schulinternen Lehrpl\u00e4ne und besondere Aktivit\u00e4ten der jeweiligen Fachkonferenzen der Gesamtschule Dellbr\u00fccker Mauspfad vor.<\/p>\n\n\n\n<p>Zu Beginn der 5. Klasse: <a href=\"https:\/\/ge-dellbrueck.de\/kern-unterricht\/\">Kern (Deutsch, Gesellschaftslehre, Arbeitslehre Wirtschaft)<\/a>, <a href=\"https:\/\/ge-dellbrueck.de\/mathematik\/\">Mathematik<\/a>, <a href=\"https:\/\/ge-dellbrueck.de\/englisch\">Englis<\/a><a href=\"https:\/\/ge-dellbrueck.de\/faecher\/englisch\/\">ch<\/a>, <a href=\"https:\/\/ge-dellbrueck.de\/naturwissenschaften-biologie-physik-chemie\/\">Naturwissenschaften<\/a>, <a href=\"https:\/\/ge-dellbrueck.de\/sport\/\">Sport<\/a>, <a href=\"https:\/\/ge-dellbrueck.de\/sport\/\">Musik<\/a>, <a href=\"https:\/\/ge-dellbrueck.de\/kunstunterricht\/\">Kunst<\/a>, <a href=\"https:\/\/ge-dellbrueck.de\/sprachbildung\/\">Sprachbildung<\/a><\/p>\n\n\n\n<p>Sp\u00e4ter folgen weitere F\u00e4cher, je nach Wahl:<\/p>\n\n\n\n<p><strong>Wahlpflichtbereich I \/ WP<\/strong> (ab Klasse 7): \u00a0<a href=\"https:\/\/ge-dellbrueck.de\/franz\u00f6sisch\">Franz\u00f6sisch<\/a>, <a href=\"https:\/\/ge-dellbrueck.de\/arbeitslehre-technik\/\">Arbeitslehre Technik<\/a>, <a href=\"https:\/\/ge-dellbrueck.de\/faecher\/wp-arbeitslehre-hauswirtschaft\/\">Arbeitslehre Hauswirtschaft<\/a>, <a href=\"https:\/\/ge-dellbrueck.de\/darstellen-und-gestalten\">Darstellen+Gestalten<\/a>, <a href=\"https:\/\/ge-dellbrueck.de\/wp-naturwissenschaften\">Naturwissenschaften<\/a> (Biologie, Physik, Chemie)<\/p>\n\n\n\n<p><strong>Wahlpflichtbereich II<\/strong> (ab Klasse 8): &nbsp;<a href=\"https:\/\/ge-dellbrueck.de\/spanisch\/\">Spanisch<\/a>, <a href=\"https:\/\/ge-dellbrueck.de\/latein\">Latein<\/a>, <a href=\"https:\/\/ge-dellbrueck.de\/informatik\/\">Informatik<\/a>, Erg\u00e4nzungsstunden (EGS), <br>ab 9: <a href=\"https:\/\/ge-dellbrueck.de\/streitschlichtung\/\">Streitschlichtung<\/a>, Sporthelfer<\/p>\n\n\n\n<p><strong>AG-Bereich<\/strong>: Zirkus, Schulband, Chor, Achtsamkeit, Spiele, Ballsport, Tanz, Rope Skipping, u.a.<\/p>\n\n\n\n<p><strong>Sportangebote<\/strong>: Ballsport, R\u00fcckschlagsport, Fu\u00dfball f\u00fcr M\u00e4dchen, Schwimmunterricht<\/p>\n","protected":false},"excerpt":{"rendered":"<p>Die Inhalte der F\u00e4cher richten sich immer nach den aktuellen &#8222;Kernlehrpl\u00e4nen des Landes NRW&#8220;, die regelm\u00e4\u00dfig aktualisiert werden. Im Rahmen dieser Vorgabe entwickelt jede Schule eigene, sogenannte &#8222;Schulinterne Lehrpl\u00e4ne&#8220;, in denen die einzelnen Fachkonferenzen bestimmte Schwerpunkte setzen und diese in Unterrichtsreihen und Unterrichtsvorhaben verarbeiten. Dabei orientieren sich die Kernlehrpl\u00e4ne stark an &#8222;Kompetenzen&#8220;, die die Sch\u00fclerinnen [&hellip;]<\/p>\n","protected":false},"author":5,"featured_media":0,"parent":0,"menu_order":0,"comment_status":"closed","ping_status":"closed","template":"full-width","meta":{"saved_in_kubio":true,"footnotes":""},"class_list":["post-472","page","type-page","status-publish","hentry"],"kubio_ai_page_context":{"short_desc":"","purpose":"general"},"_links":{"self":[{"href":"https:\/\/ge-dellbrueck.de\/start\/wp-json\/wp\/v2\/pages\/472","targetHints":{"allow":["GET"]}}],"collection":[{"href":"https:\/\/ge-dellbrueck.de\/start\/wp-json\/wp\/v2\/pages"}],"about":[{"href":"https:\/\/ge-dellbrueck.de\/start\/wp-json\/wp\/v2\/types\/page"}],"author":[{"embeddable":true,"href":"https:\/\/ge-dellbrueck.de\/start\/wp-json\/wp\/v2\/users\/5"}],"replies":[{"embeddable":true,"href":"https:\/\/ge-dellbrueck.de\/start\/wp-json\/wp\/v2\/comments?post=472"}],"version-history":[{"count":25,"href":"https:\/\/ge-dellbrueck.de\/start\/wp-json\/wp\/v2\/pages\/472\/revisions"}],"predecessor-version":[{"id":6196,"href":"https:\/\/ge-dellbrueck.de\/start\/wp-json\/wp\/v2\/pages\/472\/revisions\/6196"}],"wp:attachment":[{"href":"https:\/\/ge-dellbrueck.de\/start\/wp-json\/wp\/v2\/media?parent=472"}],"curies":[{"name":"wp","href":"https:\/\/api.w.org\/{rel}","templated":true}]}}